{"id":1601,"date":"2018-06-28T16:17:34","date_gmt":"2018-06-28T14:17:34","guid":{"rendered":"https:\/\/bessem.alliance-cube.com\/esprit-bessem\/"},"modified":"2026-03-10T14:42:47","modified_gmt":"2026-03-10T13:42:47","slug":"bessem-spirit","status":"publish","type":"page","link":"https:\/\/www.bessem-restaurant.com\/en\/bessem-spirit\/","title":{"rendered":"The Bessem Spirit"},"content":{"rendered":"<div class=\"wpb-content-wrapper\"><p>[vc_row][vc_column col_shadow=&#8221;box_shadow_enable:disable|shadow_horizontal:0|shadow_vertical:15|shadow_blur:50|shadow_spread:0|box_shadow_color:rgba(0%2C0%2C0%2C0.35)&#8221; col_shadow_hover=&#8221;box_shadow_enable:disable|shadow_horizontal:0|shadow_vertical:15|shadow_blur:50|shadow_spread:0|box_shadow_color:rgba(0%2C0%2C0%2C0.35)&#8221;][vc_column_text el_class=&#8221;test-button&#8221;]<a class=\"button\" href=\"https:\/\/www.bessem-restaurant.com\/en\/reservation-form\/\"><span class=\"fa fa-phone\" style=\"text-align: center;\">\u00a0<\/span><\/a>[\/vc_column_text][\/vc_column][\/vc_row][vc_row][vc_column dfd_column_responsive_enable=&#8221;dfd-column-responsive-enable&#8221; col_shadow=&#8221;box_shadow_enable:disable|shadow_horizontal:0|shadow_vertical:15|shadow_blur:50|shadow_spread:0|box_shadow_color:rgba(0%2C0%2C0%2C0.35)&#8221; col_shadow_hover=&#8221;box_shadow_enable:disable|shadow_horizontal:0|shadow_vertical:15|shadow_blur:50|shadow_spread:0|box_shadow_color:rgba(0%2C0%2C0%2C0.35)&#8221; responsive_styles=&#8221;padding_left_desktop:20|padding_right_desktop:20|padding_left_tablet:20|padding_right_tablet:-10|padding_left_mobile:20|padding_right_mobile:20&#8243;][dfd_spacer screen_wide_spacer_size=&#8221;75&#8243; screen_normal_resolution=&#8221;1280&#8243; screen_tablet_resolution=&#8221;1024&#8243; screen_mobile_resolution=&#8221;800&#8243; screen_mobile_spacer_size=&#8221;30&#8243; screen_tablet_spacer_size=&#8221;30&#8243;][\/vc_column][\/vc_row][vc_row][vc_column width=&#8221;1\/2&#8243; css=&#8221;.vc_custom_1530521100662{background-position: center !important;background-repeat: no-repeat !important;background-size: contain !important;}&#8221; col_shadow=&#8221;box_shadow_enable:disable|shadow_horizontal:0|shadow_vertical:15|shadow_blur:50|shadow_spread:0|box_shadow_color:rgba(0%2C0%2C0%2C0.35)&#8221; col_shadow_hover=&#8221;box_shadow_enable:disable|shadow_horizontal:0|shadow_vertical:15|shadow_blur:50|shadow_spread:0|box_shadow_color:rgba(0%2C0%2C0%2C0.35)&#8221; offset=&#8221;vc_hidden-xs&#8221;][dfd_spacer screen_wide_spacer_size=&#8221;40&#8243; screen_normal_resolution=&#8221;1024&#8243; screen_tablet_resolution=&#8221;800&#8243; screen_mobile_resolution=&#8221;480&#8243;][dfd_single_image module_animation=&#8221;transition.fadeIn&#8221; image=&#8221;562&#8243;][\/vc_column][vc_column width=&#8221;1\/2&#8243; css=&#8221;.vc_custom_1530111503379{padding-right: 5% !important;padding-left: 5% !important;}&#8221; col_shadow=&#8221;box_shadow_enable:disable|shadow_horizontal:0|shadow_vertical:15|shadow_blur:50|shadow_spread:0|box_shadow_color:rgba(0%2C0%2C0%2C0.35)&#8221; col_shadow_hover=&#8221;box_shadow_enable:disable|shadow_horizontal:0|shadow_vertical:15|shadow_blur:50|shadow_spread:0|box_shadow_color:rgba(0%2C0%2C0%2C0.35)&#8221;][dfd_heading subtitle=&#8221;THE BESSEM RESTAURANT CHEF&#8221; content_alignment=&#8221;text-left&#8221; enable_delimiter=&#8221;&#8221; undefined=&#8221;&#8221; title_font_options=&#8221;tag:h1&#8243; subtitle_font_options=&#8221;tag:h2&#8243; title_responsive=&#8221;font_size_mobile:30|line_height_mobile:30&#8243;]<\/p>\n<p class=\"p1\">BESSEM BEN ABDALLAH<\/p>\n<p>[\/dfd_heading][dfd_spacer screen_wide_spacer_size=&#8221;10&#8243; screen_normal_resolution=&#8221;1024&#8243; screen_tablet_resolution=&#8221;800&#8243; screen_mobile_resolution=&#8221;480&#8243;][vc_column_text]<\/p>\n<p class=\"p1\" style=\"text-align: justify;\">Bessem Ben Abdallah worked as a chef at the Lana Hotel in Courchevel and at the Spondi in Athens. Later, he became Executive Chef for Pierre Gagnaire at the Airelles restaurant in Courchevel. He decided to move to the French Riviera in order to open his own restaurant.<\/p>\n<p class=\"p1\">It took 5 months to entirely renovate the place. The inside dining room has a capacity of 35 people. It displays elegant plates, flowers, and tablecloths. The white walls now show beautiful plant frames. The terrace is lined with palm trees, olive trees and plane trees. A stoned fountain refreshes the 35 guests in an idyllic ambiance.<\/p>\n<p>[\/vc_column_text][dfd_spacer screen_wide_spacer_size=&#8221;20&#8243; screen_normal_resolution=&#8221;1280&#8243; screen_tablet_resolution=&#8221;1024&#8243; screen_mobile_resolution=&#8221;800&#8243; screen_normal_spacer_size=&#8221;20&#8243;][\/vc_column][\/vc_row][vc_row bg_check=&#8221;row-background-dark&#8221; dfd_bg_style=&#8221;image&#8221; dfd_parallax_style=&#8221;dfd_vertical_parallax&#8221; dfd_bg_image_new=&#8221;704&#8243; dfd_bg_image_repeat=&#8221;no-repeat&#8221; dfd_bg_image_size=&#8221;initial&#8221; dfd_parallax_sense=&#8221;90&#8243;][vc_column width=&#8221;2\/3&#8243; dfd_column_responsive_enable=&#8221;dfd-column-responsive-enable&#8221; col_shadow=&#8221;box_shadow_enable:disable|shadow_horizontal:0|shadow_vertical:15|shadow_blur:50|shadow_spread:0|box_shadow_color:rgba(0%2C0%2C0%2C0.35)&#8221; col_shadow_hover=&#8221;box_shadow_enable:disable|shadow_horizontal:0|shadow_vertical:15|shadow_blur:50|shadow_spread:0|box_shadow_color:rgba(0%2C0%2C0%2C0.35)&#8221; responsive_styles=&#8221;padding_left_tablet:20|padding_right_tablet:20|padding_left_mobile:20|padding_right_mobile:20&#8243; css=&#8221;.vc_custom_1533203670134{padding-right: 5% !important;padding-left: 5% !important;}&#8221; offset=&#8221;vc_hidden-md&#8221;][dfd_spacer screen_wide_spacer_size=&#8221;100&#8243; screen_normal_resolution=&#8221;1280&#8243; screen_tablet_resolution=&#8221;1024&#8243; screen_mobile_resolution=&#8221;800&#8243; screen_normal_spacer_size=&#8221;100&#8243; screen_tablet_spacer_size=&#8221;80&#8243; screen_mobile_spacer_size=&#8221;40&#8243;][dfd_heading subtitle=&#8221;of a passionated chef&#8221; content_alignment=&#8221;text-left&#8221; enable_delimiter=&#8221;&#8221; undefined=&#8221;&#8221; title_font_options=&#8221;tag:h1&#8243; subtitle_font_options=&#8221;tag:h2|color:%23ff9037&#8243; title_responsive=&#8221;font_size_mobile:30|line_height_mobile:30&#8243;]THE STORY[\/dfd_heading][dfd_spacer screen_wide_spacer_size=&#8221;10&#8243; screen_normal_resolution=&#8221;1024&#8243; screen_tablet_resolution=&#8221;800&#8243; screen_mobile_resolution=&#8221;480&#8243;][vc_column_text]<\/p>\n<p class=\"p1\">Coming from a family of intellectuals, his sister being a doctor and his brother a journalist, Bessem enjoyed his mother&#8217;s cuisine and his grandmother&#8217;s tips. He got his cooking and pastry diploma in 1997 from the Institut M\u00e9diterran\u00e9en de Tourisme (I.M.T). He began to work in 2000 at the M\u00e9tropole in Monaco next to Sergio Schoener, then at the \u00c2ne Rouge on the Harbor of Nice with Michel Devillers, and finally in Paris at the Orangerie with Michel Del Burgo. From 2007 until 2010, he became the executive chef of the well known Pierre Gagnaire at the Airelles in Courchevel, where he was able to win two stars in the\u00a0Michelin guide.<\/p>\n<p class=\"p1\">In 2011, still in Courchevel, he took in charge the kitchen of the Lana Hotel for 5 years before moving to Greece, more precisely at the Spondi in Athens.<span class=\"Apple-converted-space\">\u00a0Taking advantage of his numerous experiences<\/span>, he decided to return to France and to open his own eponym restaurant.<\/p>\n<p>[\/vc_column_text][dfd_spacer screen_wide_spacer_size=&#8221;30&#8243; screen_normal_resolution=&#8221;1024&#8243; screen_tablet_resolution=&#8221;800&#8243; screen_mobile_resolution=&#8221;480&#8243; screen_tablet_spacer_size=&#8221;30&#8243; screen_mobile_spacer_size=&#8221;20&#8243;][dfd_icon_list list_fields=&#8221;%5B%7B%22icon_type%22%3A%22selector%22%2C%22select_icon%22%3A%22dfd_icons%22%2C%22ic_dfd_icons%22%3A%22dfd-socicon-plus%22%2C%22text_content%22%3A%22WATCH%20HIS%20INTERVIEW%20HERE%22%2C%22link_box%22%3A%22link_b%22%2C%22link%22%3A%22url%3A%252Fen%252F2018%252F08%252F22%252Fpath-chef%252F%7C%7C%7C%22%7D%5D&#8221; icon_border=&#8221;border_style:solid|border_radius:100|border_color:%23ff9037&#8243; main_style=&#8221;style-1&#8243; icon_size=&#8221;12&#8243; icon_background=&#8221;#ff9037&#8243; font_options=&#8221;tag:h4|font_style_bold:1&#8243; icon_color=&#8221;#ffffff&#8221; background_size=&#8221;40&#8243;][dfd_spacer screen_wide_spacer_size=&#8221;100&#8243; screen_normal_resolution=&#8221;1280&#8243; screen_tablet_resolution=&#8221;1024&#8243; screen_mobile_resolution=&#8221;800&#8243; screen_normal_spacer_size=&#8221;50&#8243; screen_tablet_spacer_size=&#8221;30&#8243; screen_mobile_spacer_size=&#8221;20&#8243;][\/vc_column][vc_column width=&#8221;1\/3&#8243; offset=&#8221;vc_hidden-md vc_hidden-sm vc_hidden-xs&#8221; col_shadow=&#8221;box_shadow_enable:disable|shadow_horizontal:0|shadow_vertical:15|shadow_blur:50|shadow_spread:0|box_shadow_color:rgba(0%2C0%2C0%2C0.35)&#8221; col_shadow_hover=&#8221;box_shadow_enable:disable|shadow_horizontal:0|shadow_vertical:15|shadow_blur:50|shadow_spread:0|box_shadow_color:rgba(0%2C0%2C0%2C0.35)&#8221;][dfd_spacer screen_wide_spacer_size=&#8221;120&#8243; screen_normal_resolution=&#8221;1024&#8243; screen_tablet_resolution=&#8221;800&#8243; screen_mobile_resolution=&#8221;480&#8243; screen_tablet_spacer_size=&#8221;30&#8243; screen_mobile_spacer_size=&#8221;20&#8243;][dfd_single_image image_size=&#8221;custom&#8221; image_width=&#8221;130&#8243; image_height=&#8221;130&#8243; hover_style=&#8221;dfd-image-shadow&#8221; module_animation=&#8221;transition.fadeIn&#8221; image=&#8221;6436&#8243;][dfd_spacer screen_wide_spacer_size=&#8221;30&#8243; screen_normal_resolution=&#8221;1024&#8243; screen_tablet_resolution=&#8221;800&#8243; screen_mobile_resolution=&#8221;480&#8243;][dfd_single_image image_size=&#8221;thumb&#8221; hover_style=&#8221;dfd-image-shadow&#8221; module_animation=&#8221;transition.fadeIn&#8221; image=&#8221;6456&#8243;][dfd_spacer screen_wide_spacer_size=&#8221;30&#8243; screen_normal_resolution=&#8221;1024&#8243; screen_tablet_resolution=&#8221;800&#8243; screen_mobile_resolution=&#8221;480&#8243;][dfd_single_image image_size=&#8221;thumb&#8221; hover_style=&#8221;dfd-image-shadow&#8221; module_animation=&#8221;transition.fadeIn&#8221; image=&#8221;1103&#8243;][dfd_spacer screen_wide_spacer_size=&#8221;&#8221; screen_normal_resolution=&#8221;1024&#8243; screen_tablet_resolution=&#8221;800&#8243; screen_mobile_resolution=&#8221;480&#8243; screen_tablet_spacer_size=&#8221;30&#8243; screen_mobile_spacer_size=&#8221;30&#8243;][\/vc_column][\/vc_row][vc_row bg_check=&#8221;row-background-dark&#8221; dfd_bg_style=&#8221;image&#8221; dfd_parallax_style=&#8221;dfd_vertical_parallax&#8221; dfd_bg_image_new=&#8221;704&#8243; dfd_bg_image_repeat=&#8221;no-repeat&#8221; dfd_bg_image_size=&#8221;initial&#8221; dfd_parallax_sense=&#8221;90&#8243;][vc_column dfd_column_responsive_enable=&#8221;dfd-column-responsive-enable&#8221; col_shadow=&#8221;box_shadow_enable:disable|shadow_horizontal:0|shadow_vertical:15|shadow_blur:50|shadow_spread:0|box_shadow_color:rgba(0%2C0%2C0%2C0.35)&#8221; col_shadow_hover=&#8221;box_shadow_enable:disable|shadow_horizontal:0|shadow_vertical:15|shadow_blur:50|shadow_spread:0|box_shadow_color:rgba(0%2C0%2C0%2C0.35)&#8221; responsive_styles=&#8221;padding_left_tablet:20|padding_right_tablet:20|padding_left_mobile:20|padding_right_mobile:20&#8243; css=&#8221;.vc_custom_1533541830339{padding-right: 10% !important;padding-left: 10% !important;}&#8221; offset=&#8221;vc_hidden-lg vc_hidden-sm vc_hidden-xs&#8221;][dfd_spacer screen_wide_spacer_size=&#8221;100&#8243; screen_normal_resolution=&#8221;1280&#8243; screen_tablet_resolution=&#8221;1024&#8243; screen_mobile_resolution=&#8221;800&#8243; screen_normal_spacer_size=&#8221;100&#8243; screen_tablet_spacer_size=&#8221;80&#8243; screen_mobile_spacer_size=&#8221;40&#8243;][dfd_heading subtitle=&#8221;OF A PASSIONATED CHEF&#8221; content_alignment=&#8221;text-left&#8221; enable_delimiter=&#8221;&#8221; undefined=&#8221;&#8221; title_font_options=&#8221;tag:h1&#8243; subtitle_font_options=&#8221;tag:h2|color:%23ff9037&#8243; title_responsive=&#8221;font_size_mobile:30|line_height_mobile:30&#8243;]THE STORY[\/dfd_heading][dfd_spacer screen_wide_spacer_size=&#8221;20&#8243; screen_normal_resolution=&#8221;1024&#8243; screen_tablet_resolution=&#8221;800&#8243; screen_mobile_resolution=&#8221;480&#8243;][vc_column_text]<\/p>\n<p class=\"p1\">Coming from a family of intellectuals, his sister being a doctor and his brother a journalist, Bessem enjoyed his mother&#8217;s cuisine and his grandmother&#8217;s tips. He got his cooking and pastry diploma in 1997 from the Institut M\u00e9diterran\u00e9en de Tourisme (I.M.T). He began to work in 2000 at the M\u00e9tropole in Monaco next to Sergio Schoener, then at the \u00c2ne Rouge on the Harbor of Nice with Michel Devillers, and finally in Paris at the Orangerie with Michel Del Burgo. From 2007 until 2010, he became the executive chef of the well known Pierre Gagnaire at the Airelles in Courchevel, where he was able to win two stars in the\u00a0Michelin guide.<\/p>\n<p class=\"p1\">In 2011, still in Courchevel, he took in charge the kitchen of the Lana Hotel for 5 years before moving to Greece, more precisely at the Spondi in Athens.<span class=\"Apple-converted-space\">\u00a0Taking advantage of his numerous experiences<\/span>, he decided to return to France and to open his own eponym restaurant.<\/p>\n<p>[\/vc_column_text][dfd_spacer screen_wide_spacer_size=&#8221;100&#8243; screen_normal_resolution=&#8221;1280&#8243; screen_tablet_resolution=&#8221;1024&#8243; screen_mobile_resolution=&#8221;800&#8243; screen_normal_spacer_size=&#8221;50&#8243; screen_tablet_spacer_size=&#8221;30&#8243; screen_mobile_spacer_size=&#8221;20&#8243;][\/vc_column][\/vc_row][vc_row disable_element=&#8221;yes&#8221;][vc_column][dfd_spacer screen_wide_spacer_size=&#8221;55&#8243; screen_normal_resolution=&#8221;1280&#8243; screen_tablet_resolution=&#8221;1024&#8243; screen_mobile_resolution=&#8221;800&#8243; screen_normal_spacer_size=&#8221;50&#8243; screen_tablet_spacer_size=&#8221;30&#8243; screen_mobile_spacer_size=&#8221;20&#8243;][dfd_heading subtitle=&#8221;BESSEM CONFIDES&#8221; enable_delimiter=&#8221;&#8221; undefined=&#8221;&#8221; title_font_options=&#8221;tag:h1&#8243; subtitle_font_options=&#8221;tag:h2&#8243; title_responsive=&#8221;font_size_mobile:30|line_height_mobile:30&#8243;]THE CAREER OF A CHEF[\/dfd_heading][dfd_spacer screen_wide_spacer_size=&#8221;10&#8243; screen_normal_resolution=&#8221;1024&#8243; screen_tablet_resolution=&#8221;800&#8243; screen_mobile_resolution=&#8221;480&#8243;][vc_row_inner css=&#8221;.vc_custom_1535555549653{padding-right: 5% !important;padding-left: 5% !important;}&#8221;][vc_column_inner][vc_column_text]<\/p>\n<div class=\"wpb_text_column wpb_content_element \">\n<div class=\"wpb_wrapper\">\n<div class=\"titre\">\n<p class=\"access\" style=\"text-align: center;\">Bessem Ben Abdallah enjoys the magnificent patio of his restaurant to confide in Fabrice Roy (The Gastronomic News of the C\u00f4te d\u2019Azur and Monaco.) Influence of his Tunisian origins and Pierre Gagnaire\u2019s mentoring, discover the path of a passionate chef and his instinctive, creative and rigorous cuisine.<\/p>\n<\/div>\n<div class=\"entry-content instapaper_body\">\n<div id=\"para_3\" class=\"para_26087478 resize\">\n<div class=\"clear\"><\/div>\n<\/div>\n<\/div>\n<\/div>\n<\/div>\n<p>[\/vc_column_text][dfd_spacer screen_wide_spacer_size=&#8221;30&#8243; screen_normal_resolution=&#8221;1024&#8243; screen_tablet_resolution=&#8221;800&#8243; screen_mobile_resolution=&#8221;480&#8243; screen_tablet_spacer_size=&#8221;30&#8243; screen_mobile_spacer_size=&#8221;20&#8243;][dfd_icon_list icon_align=&#8221;icon-center&#8221; list_fields=&#8221;%5B%7B%22icon_type%22%3A%22selector%22%2C%22select_icon%22%3A%22dfd_icons%22%2C%22ic_dfd_icons%22%3A%22dfd-socicon-plus%22%2C%22text_content%22%3A%22WATCH%20HIS%20INTERVIEW%20HERE%22%2C%22link_box%22%3A%22link_b%22%2C%22link%22%3A%22url%3A%252Fen%252F2018%252F08%252F22%252Fpath-chef%252F%7C%7C%7C%22%7D%5D&#8221; icon_border=&#8221;border_style:solid|border_radius:100|border_color:%23ff9037&#8243; main_style=&#8221;style-1&#8243; icon_size=&#8221;12&#8243; icon_background=&#8221;#ff9037&#8243; font_options=&#8221;tag:h4|font_style_bold:1&#8243; icon_color=&#8221;#ffffff&#8221; background_size=&#8221;40&#8243;][\/vc_column_inner][\/vc_row_inner][vc_row_inner disable_element=&#8221;yes&#8221; css=&#8221;.vc_custom_1535560024180{padding-right: 5% !important;padding-left: 5% !important;}&#8221;][vc_column_inner][vc_column_text]<\/p>\n<div class=\"wpb_text_column wpb_content_element \">\n<div class=\"wpb_wrapper\">\n<div class=\"titre\">\n<p class=\"access\" style=\"text-align: center;\">Bessem Ben Abdallah enjoys the magnificent patio of his restaurant to confide in Fabrice Roy (The Gastronomic News of the C\u00f4te d\u2019Azur and Monaco.) Influence of his Tunisian origins and Pierre Gagnaire\u2019s mentoring, discover the path of a passionate chef and his instinctive, creative and rigorous cuisine.<\/p>\n<\/div>\n<div class=\"entry-content instapaper_body\">\n<div id=\"para_3\" class=\"para_26087478 resize\">\n<div class=\"clear\"><\/div>\n<\/div>\n<\/div>\n<\/div>\n<\/div>\n<p>[\/vc_column_text][dfd_spacer screen_wide_spacer_size=&#8221;30&#8243; screen_normal_resolution=&#8221;1024&#8243; screen_tablet_resolution=&#8221;800&#8243; screen_mobile_resolution=&#8221;480&#8243; screen_tablet_spacer_size=&#8221;30&#8243; screen_mobile_spacer_size=&#8221;20&#8243;][dfd_videoplayer video_link=&#8221;https:\/\/www.youtube.com\/watch?v=I8yDI5dFGrM&#8221; main_style=&#8221;style-1&#8243; video_thumb=&#8221;1857&#8243; icon_background=&#8221;#ff9037&#8243;][\/vc_column_inner][\/vc_row_inner][\/vc_column][\/vc_row][vc_row disable_element=&#8221;yes&#8221;][vc_column width=&#8221;1\/2&#8243; css=&#8221;.vc_custom_1572429283539{padding-right: 3% !important;padding-left: 5% !important;}&#8221; col_shadow=&#8221;box_shadow_enable:disable|shadow_horizontal:0|shadow_vertical:15|shadow_blur:50|shadow_spread:0|box_shadow_color:rgba(0%2C0%2C0%2C0.35)&#8221; col_shadow_hover=&#8221;box_shadow_enable:disable|shadow_horizontal:0|shadow_vertical:15|shadow_blur:50|shadow_spread:0|box_shadow_color:rgba(0%2C0%2C0%2C0.35)&#8221;][dfd_spacer screen_wide_spacer_size=&#8221;50&#8243; screen_normal_resolution=&#8221;1024&#8243; screen_tablet_resolution=&#8221;800&#8243; screen_mobile_resolution=&#8221;480&#8243; screen_tablet_spacer_size=&#8221;30&#8243; screen_mobile_spacer_size=&#8221;30&#8243;][dfd_heading subtitle=&#8221;Pastry Chef&#8221; content_alignment=&#8221;text-left&#8221; enable_delimiter=&#8221;&#8221; undefined=&#8221;&#8221; title_font_options=&#8221;tag:h1&#8243; subtitle_font_options=&#8221;tag:h2&#8243; title_responsive=&#8221;font_size_mobile:30|line_height_mobile:30&#8243;]MAXIME SIMONOT[\/dfd_heading][dfd_spacer screen_wide_spacer_size=&#8221;10&#8243; screen_normal_resolution=&#8221;1024&#8243; screen_tablet_resolution=&#8221;800&#8243; screen_mobile_resolution=&#8221;480&#8243;][vc_column_text]<\/p>\n<div>After having done his apprenticeship at F\u00e9lix, on the Croisette, Maxime Simonot obtained his CAP of pastry and the additional mentions of caterer and pastry chef. This alumnus of the Lyc\u00e9e Hotelier Paul Augier from Nice and Greta won the 2009 bronze medal at the French championship of plated desserts. This award paved the way to a career start at famous restaurants: three years at the Bastide Saint Antoine in Grasse, with Jacques Chibois, two years with S\u00e9bastien Broda at Park 45 in Cannes as deputy Pastry Chef of Pascal Picasse, and three years at the Bastide Bruno Oger before joining Bessem in 2017.<\/div>\n<div><\/div>\n<div><span style=\"color: #ffffff;\">&#8211;<\/span><\/div>\n<div><\/div>\n<div>Maxime Simonot practices a pastry of instinct, with a great sensitivity in the tastes and a passion for the ephemeral&#8230; Jacques Chibois said once about Maxime that he was a &#8220;cook who makes sweet food.\u00bb Maxime takes a close interest in history, culinary news and cookbooks which he owns a beautiful collection dating, for the oldest, from the 19th century.<\/div>\n<p>[\/vc_column_text][\/vc_column][vc_column width=&#8221;1\/2&#8243;][dfd_spacer screen_wide_spacer_size=&#8221;50&#8243; screen_normal_resolution=&#8221;1024&#8243; screen_tablet_resolution=&#8221;800&#8243; screen_mobile_resolution=&#8221;480&#8243; screen_tablet_spacer_size=&#8221;30&#8243; screen_mobile_spacer_size=&#8221;30&#8243;][dfd_single_image image=&#8221;2002&#8243;][\/vc_column][\/vc_row][vc_row disable_element=&#8221;yes&#8221;][vc_column width=&#8221;1\/2&#8243; css=&#8221;.vc_custom_1530202637214{padding-right: 5% !important;padding-left: 5% !important;background-position: center !important;background-repeat: no-repeat !important;background-size: contain !important;}&#8221; col_shadow=&#8221;box_shadow_enable:disable|shadow_horizontal:0|shadow_vertical:15|shadow_blur:50|shadow_spread:0|box_shadow_color:rgba(0%2C0%2C0%2C0.35)&#8221; col_shadow_hover=&#8221;box_shadow_enable:disable|shadow_horizontal:0|shadow_vertical:15|shadow_blur:50|shadow_spread:0|box_shadow_color:rgba(0%2C0%2C0%2C0.35)&#8221;][dfd_spacer screen_wide_spacer_size=&#8221;50&#8243; screen_normal_resolution=&#8221;1024&#8243; screen_tablet_resolution=&#8221;800&#8243; screen_mobile_resolution=&#8221;480&#8243;][dfd_heading subtitle=&#8221;POUR UNE CUISINE DE QUALIT\u00c9&#8221; content_alignment=&#8221;text-left&#8221; enable_delimiter=&#8221;&#8221; undefined=&#8221;&#8221; title_font_options=&#8221;tag:h1&#8243; subtitle_font_options=&#8221;tag:h2&#8243; title_responsive=&#8221;font_size_mobile:30|line_height_mobile:30&#8243;]DES recompenses[\/dfd_heading][dfd_spacer screen_wide_spacer_size=&#8221;10&#8243; screen_normal_resolution=&#8221;1024&#8243; screen_tablet_resolution=&#8221;800&#8243; screen_mobile_resolution=&#8221;480&#8243;][vc_column_text]Bessem Restaurant est reconnu par le Guide Michelin, qui lui a attribu\u00e9 une assiette qui indique une cuisine de qualit\u00e9, ainsi qu\u2019un bon standing.<\/p>\n<p>De plus, Bessem Restaurant a \u00e9galement re\u00e7u l\u2019attribution de \u00ab\u00a0restaurant de qualit\u00e9\u00a0\u00bb de la part du coll\u00e8ge culinaire de France. Cette attribution signifie que Bessem Restaurant s\u2019engage \u00e0 adopter une d\u00e9marche d\u2019am\u00e9lioration continue de la qualit\u00e9 ainsi qu\u2019\u00e0 faire de la sant\u00e9 humaine et celle de la Terre une priorit\u00e9 (respect des produits, la recherche d\u2019un \u00e9quilibre nutritionnel et la volont\u00e9 de lutter contre le gaspillage).<\/p>\n<h3 style=\"text-align: left;\"><\/h3>\n<p>[\/vc_column_text][dfd_spacer screen_wide_spacer_size=&#8221;&#8221; screen_normal_resolution=&#8221;1024&#8243; screen_tablet_resolution=&#8221;800&#8243; screen_mobile_resolution=&#8221;480&#8243; screen_tablet_spacer_size=&#8221;20&#8243; screen_mobile_spacer_size=&#8221;20&#8243;][\/vc_column][vc_column width=&#8221;1\/2&#8243; css=&#8221;.vc_custom_1530111503379{padding-right: 5% !important;padding-left: 5% !important;}&#8221; col_shadow=&#8221;box_shadow_enable:disable|shadow_horizontal:0|shadow_vertical:15|shadow_blur:50|shadow_spread:0|box_shadow_color:rgba(0%2C0%2C0%2C0.35)&#8221; col_shadow_hover=&#8221;box_shadow_enable:disable|shadow_horizontal:0|shadow_vertical:15|shadow_blur:50|shadow_spread:0|box_shadow_color:rgba(0%2C0%2C0%2C0.35)&#8221;][dfd_spacer screen_wide_spacer_size=&#8221;50&#8243; screen_normal_resolution=&#8221;1024&#8243; screen_tablet_resolution=&#8221;800&#8243; screen_mobile_resolution=&#8221;480&#8243;][dfd_image_layers periodicity=&#8221;0.6&#8243; list_fields=&#8221;%5B%7B%22image_id%22%3A%22580%22%2C%22layer_animation%22%3A%22fadeIn%22%7D%2C%7B%22image_id%22%3A%22711%22%2C%22layer_animation%22%3A%22fadeIn%22%7D%5D&#8221;][dfd_spacer screen_wide_spacer_size=&#8221;10&#8243; screen_normal_resolution=&#8221;1024&#8243; screen_tablet_resolution=&#8221;800&#8243; screen_mobile_resolution=&#8221;480&#8243;][dfd_videoplayer][\/vc_column][\/vc_row][vc_row disable_element=&#8221;yes&#8221;][vc_column dfd_column_responsive_enable=&#8221;dfd-column-responsive-enable&#8221; col_shadow=&#8221;box_shadow_enable:disable|shadow_horizontal:0|shadow_vertical:15|shadow_blur:50|shadow_spread:0|box_shadow_color:rgba(0%2C0%2C0%2C0.35)&#8221; col_shadow_hover=&#8221;box_shadow_enable:disable|shadow_horizontal:0|shadow_vertical:15|shadow_blur:50|shadow_spread:0|box_shadow_color:rgba(0%2C0%2C0%2C0.35)&#8221; responsive_styles=&#8221;padding_left_desktop:20|padding_right_desktop:20|padding_left_tablet:20|padding_right_tablet:20|padding_left_mobile:20|padding_right_mobile:20&#8243;][dfd_spacer screen_wide_spacer_size=&#8221;60&#8243; screen_normal_resolution=&#8221;1024&#8243; screen_tablet_resolution=&#8221;800&#8243; screen_mobile_resolution=&#8221;480&#8243; screen_mobile_spacer_size=&#8221;30&#8243; screen_tablet_spacer_size=&#8221;30&#8243; screen_normal_spacer_size=&#8221;30&#8243;][dfd_delimiter delimiter_style=&#8221;dfd-delimiter-with-line&#8221; delim_line_color=&#8221;#ff9037&#8243; undefined=&#8221;&#8221;][dfd_heading style=&#8221;style_09&#8243; subtitle=&#8221;&#8221; content_alignment=&#8221;text-left&#8221; enable_delimiter=&#8221;&#8221; heading_margin=&#8221;margin-top:5&#8243; undefined=&#8221;&#8221; title_font_options=&#8221;tag:h1&#8243; subtitle_font_options=&#8221;tag:h2&#8243; title_responsive=&#8221;font_size_mobile:30|line_height_mobile:30&#8243;]NEWS FEED[\/dfd_heading][dfd_spacer screen_wide_spacer_size=&#8221;30&#8243; screen_normal_resolution=&#8221;1024&#8243; screen_tablet_resolution=&#8221;800&#8243; screen_mobile_resolution=&#8221;480&#8243;][dfd_blog_posts posts_to_show=&#8221;3&#8243; items_offset=&#8221;20&#8243; post_image_width=&#8221;400&#8243; post_image_height=&#8221;250&#8243; columns=&#8221;3&#8243; enabled_autoslideshow=&#8221;&#8221; thumb_rounded=&#8221;6&#8243; post_show_top_cat=&#8221;&#8221; post_show_meta_category=&#8221;&#8221; post_show_author_box=&#8221;&#8221; post_content_alignment=&#8221;text-center&#8221; title_google_fonts=&#8221;yes&#8221; post_content_style=&#8221;full_front&#8221; post_style=&#8221;carousel&#8221; title_font_options=&#8221;font_size:20|color:%23ffffff&#8221; title_custom_fonts=&#8221;font_family:Nunito%3A300%2Cregular%2C700|font_style:300%20light%20regular%3A300%3Anormal&#8221; post_categories=&#8221;au-fil-des-jours,presse&#8221;][dfd_spacer screen_wide_spacer_size=&#8221;30&#8243; screen_normal_resolution=&#8221;1024&#8243; screen_tablet_resolution=&#8221;800&#8243; screen_mobile_resolution=&#8221;480&#8243;][dfd_icon_list icon_align=&#8221;icon-center&#8221; list_fields=&#8221;%5B%7B%22icon_type%22%3A%22selector%22%2C%22select_icon%22%3A%22dfd_icons%22%2C%22ic_dfd_icons%22%3A%22dfd-socicon-plus%22%2C%22text_content%22%3A%22VIEW%20ALL%20NEWS%22%2C%22link_box%22%3A%22link_b%22%2C%22link%22%3A%22url%3A%252Fen%252Fnews%252F%7C%7C%7C%22%7D%5D&#8221; icon_border=&#8221;border_style:solid|border_radius:100|border_color:%23ff9037&#8243; main_style=&#8221;style-1&#8243; icon_size=&#8221;12&#8243; icon_background=&#8221;#ff9037&#8243; font_options=&#8221;tag:h4|font_style_bold:1&#8243; icon_color=&#8221;#ffffff&#8221; background_size=&#8221;40&#8243;][dfd_spacer screen_wide_spacer_size=&#8221;40&#8243; screen_normal_resolution=&#8221;1280&#8243; screen_tablet_resolution=&#8221;1024&#8243; screen_mobile_resolution=&#8221;800&#8243;][\/vc_column][\/vc_row][vc_row dfd_row_config=&#8221;full_width_content&#8221; force_equal_height_columns=&#8221;main_row&#8221; mobile_destroy_equal_heights_resolution=&#8221;801&#8243; row_custom_paddings=&#8221;yes&#8221; row_columns_paddings=&#8221;0&#8243; dfd_bg_style=&#8221;gradient&#8221; dfd_bg_grad=&#8221;gradient_style:custom|gradient_custom_direction:45|gradient_css:background%3A%20url(data%3Aimage%2Fsvg%2Bxml%3Bbase64%2CPHN2ZyB4bWxucz0iaHR0cDovL3d3dy53My5vcmcvMjAwMC9zdmciPjxkZWZzPjxsaW5lYXJHcmFkaWVudCBpZD0iZ3JhZGllbnQiIHgxPSIwJSIgeTE9IjAlIiB4Mj0iMCUiIHkyPSIxMDAlIj48c3RvcCBvZmZzZXQ9IjI5JSIgc3R5bGU9InN0b3AtY29sb3I6IzAwMUQzNTsiIC8%2BPHN0b3Agb2Zmc2V0PSIxMDAlIiBzdHlsZT0ic3RvcC1jb2xvcjojMDAxMTIyOyIgLz48L2xpbmVhckdyYWRpZW50PjwvZGVmcz48cmVjdCBmaWxsPSJ1cmwoI2dyYWRpZW50KSIgaGVpZ2h0PSIxMDAlIiB3aWR0aD0iMTAwJSIgLz48L3N2Zz4%3D)%3B%0Abackground%3A%20-webkit-gradient(linear%2C%20left%20top%2C%20left%20bottom%2C%20color-stop(29%25%2C%20%23001D35)%2C%20color-stop(100%25%2C%20%23001122))%3B%0Abackground%3A%20-moz-linear-gradient(45deg%2C%23001D35%2029%25%2C%23001122%20100%25)%3B%0Abackground%3A%20-webkit-linear-gradient(45deg%2C%23001D35%2029%25%2C%23001122%20100%25)%3B%0Abackground%3A%20-o-linear-gradient(45deg%2C%23001D35%2029%25%2C%23001122%20100%25)%3B%0Abackground%3A%20-ms-linear-gradient(45deg%2C%23001D35%2029%25%2C%23001122%20100%25)%3B%0Abackground%3A%20linear-gradient(45deg%2C%23001D35%2029%25%2C%23001122%20100%25)%3B|gradient_value:29%25%20%23001D35%2C100%25%20%23001122&#8243;][vc_column width=&#8221;2\/3&#8243; col_shadow=&#8221;box_shadow_enable:disable|shadow_horizontal:0|shadow_vertical:15|shadow_blur:50|shadow_spread:0|box_shadow_color:rgba(0%2C0%2C0%2C0.35)&#8221; col_shadow_hover=&#8221;box_shadow_enable:disable|shadow_horizontal:0|shadow_vertical:15|shadow_blur:50|shadow_spread:0|box_shadow_color:rgba(0%2C0%2C0%2C0.35)&#8221;][vc_column_text css=&#8221;&#8221;]<iframe style=\"border: 0;\" src=\"https:\/\/www.google.com\/maps\/embed?pb=!1m14!1m8!1m3!1d11568.654922422726!2d6.9334546!3d43.5406288!3m2!1i1024!2i768!4f13.1!3m3!1m2!1s0x12ce8327b0708cdb%3A0x7fe7ade6ad936003!2sBessem%20Restaurant!5e0!3m2!1sfr!2sfr!4v1718632638798!5m2!1sfr!2sfr\" width=\"100%\" height=\"500\" allowfullscreen=\"allowfullscreen\"><\/iframe>[\/vc_column_text][\/vc_column][vc_column width=&#8221;1\/3&#8243; col_shadow=&#8221;box_shadow_enable:disable|shadow_horizontal:0|shadow_vertical:15|shadow_blur:50|shadow_spread:0|box_shadow_color:rgba(0%2C0%2C0%2C0.35)&#8221; col_shadow_hover=&#8221;box_shadow_enable:disable|shadow_horizontal:0|shadow_vertical:15|shadow_blur:50|shadow_spread:0|box_shadow_color:rgba(0%2C0%2C0%2C0.35)&#8221; css=&#8221;.vc_custom_1665067991714{padding-right: 20% !important;padding-left: 20% !important;}&#8221;][dfd_spacer screen_wide_spacer_size=&#8221;30&#8243; screen_normal_resolution=&#8221;1024&#8243; screen_tablet_resolution=&#8221;800&#8243; screen_mobile_resolution=&#8221;480&#8243;][dfd_single_image image_size=&#8221;thumb&#8221; image=&#8221;1190&#8243;][dfd_spacer screen_wide_spacer_size=&#8221;40&#8243; screen_normal_resolution=&#8221;1280&#8243; screen_tablet_resolution=&#8221;1024&#8243; screen_mobile_resolution=&#8221;800&#8243;][vc_row_inner css=&#8221;.vc_custom_1530175775166{padding-right: 50px !important;padding-left: 50px !important;}&#8221;][vc_column_inner css=&#8221;.vc_custom_1530175729793{padding-right: 20% !important;padding-left: 20% !important;}&#8221; col_inner_shadow=&#8221;box_shadow_enable:disable|shadow_horizontal:0|shadow_vertical:15|shadow_blur:50|shadow_spread:0|box_shadow_color:rgba(0%2C0%2C0%2C0.35)&#8221; col_inner_shadow_hover=&#8221;box_shadow_enable:disable|shadow_horizontal:0|shadow_vertical:15|shadow_blur:50|shadow_spread:0|box_shadow_color:rgba(0%2C0%2C0%2C0.35)&#8221;][dfd_icon_list list_fields=&#8221;%5B%7B%22icon_type%22%3A%22selector%22%2C%22select_icon%22%3A%22dfd_icons%22%2C%22ic_dfd_icons%22%3A%22dfd-socicon-clock%22%2C%22text_content%22%3A%22Open%20from%207%3A30%20pm%20to%209%3A30%20pm%20Wednesday%20to%20Sunday%3Cbr%3E%5CnOpen%20from%2012.30%20to%201.30%20p.m%20Saturday%20and%20Sunday%20only%22%7D%2C%7B%22icon_type%22%3A%22selector%22%2C%22select_icon%22%3A%22dfd_icons%22%2C%22ic_dfd_icons%22%3A%22dfd-socicon-paper-push-pin%22%2C%22text_content%22%3A%22183%20Avenue%20de%20la%20R%C3%A9publique%2C%5Cn06210%20Mandelieu-la-Napoule%22%7D%2C%7B%22icon_type%22%3A%22selector%22%2C%22select_icon%22%3A%22dfd_icons%22%2C%22ic_dfd_icons%22%3A%22dfd-socicon-telephone-handle-silhouette%22%2C%22text_content%22%3A%2204%2093%2049%2071%2023%22%7D%5D&#8221; main_style=&#8221;style-1&#8243; font_options=&#8221;tag:h3|font_size:12|color:%23ffffff&#8221;][dfd_spacer screen_wide_spacer_size=&#8221;10&#8243; screen_normal_resolution=&#8221;1024&#8243; screen_tablet_resolution=&#8221;800&#8243; screen_mobile_resolution=&#8221;480&#8243; screen_normal_spacer_size=&#8221;10&#8243; screen_tablet_spacer_size=&#8221;10&#8243; screen_mobile_spacer_size=&#8221;10&#8243;][dfd_button button_size=&#8221;dfd-button-full-width&#8221; button_text=&#8221;CONTACT US&#8221; border=&#8221;border_style:solid|border_top_width:1|border_bottom_width:1|border_left_width:1|border_right_width:1|border_radius:100|border_color:%23ffffff&#8221; hover_border=&#8221;border_style:solid|border_color:%23ffffff&#8221; main_style=&#8221;style-4&#8243; undefined=&#8221;&#8221; text_color=&#8221;#ffffff&#8221; box_shadow=&#8221;box_shadow_enable:disable|shadow_horizontal:0|shadow_vertical:15|shadow_blur:50|shadow_spread:0|box_shadow_color:rgba(0%2C0%2C0%2C0.35)&#8221; hover_box_shadow=&#8221;box_shadow_enable:disable|shadow_horizontal:0|shadow_vertical:15|shadow_blur:50|shadow_spread:0|box_shadow_color:rgba(0%2C0%2C0%2C0.35)&#8221; background=&#8221;rgba(255,255,255,0.01)&#8221; title_font_options=&#8221;font_size:12|letter_spacing:1.6&#8243; title_google_fonts=&#8221;yes&#8221; title_custom_fonts=&#8221;font_family:Nunito%3A300%2Cregular%2C700|font_style:400%20regular%3A400%3Anormal&#8221; hover_background=&#8221;#ffffff&#8221; hover_text_color=&#8221;#001d35&#8243; buttom_link_src=&#8221;url:%2Fen%2Fcontact-reservation%2F&#8221;][dfd_spacer screen_wide_spacer_size=&#8221;20&#8243; screen_normal_resolution=&#8221;1024&#8243; screen_tablet_resolution=&#8221;800&#8243; screen_mobile_resolution=&#8221;480&#8243;][dfd_button button_size=&#8221;dfd-button-full-width&#8221; button_text=&#8221;BOOK A TABLE&#8221; border=&#8221;border_style:solid|border_top_width:1|border_bottom_width:1|border_left_width:1|border_right_width:1|border_radius:100|border_color:%23ffffff&#8221; hover_border=&#8221;border_style:solid|border_color:%23ffffff&#8221; main_style=&#8221;style-4&#8243; undefined=&#8221;&#8221; text_color=&#8221;#ffffff&#8221; box_shadow=&#8221;box_shadow_enable:disable|shadow_horizontal:0|shadow_vertical:15|shadow_blur:50|shadow_spread:0|box_shadow_color:rgba(0%2C0%2C0%2C0.35)&#8221; hover_box_shadow=&#8221;box_shadow_enable:disable|shadow_horizontal:0|shadow_vertical:15|shadow_blur:50|shadow_spread:0|box_shadow_color:rgba(0%2C0%2C0%2C0.35)&#8221; background=&#8221;rgba(255,255,255,0.01)&#8221; title_font_options=&#8221;font_size:12|letter_spacing:1.6&#8243; title_google_fonts=&#8221;yes&#8221; title_custom_fonts=&#8221;font_family:Nunito%3A300%2Cregular%2C700|font_style:400%20regular%3A400%3Anormal&#8221; hover_background=&#8221;#ffffff&#8221; hover_text_color=&#8221;#001d35&#8243; buttom_link_src=&#8221;url:https%3A%2F%2Fwww.bessem-restaurant.com%2Fen%2Freservation-form%2F&#8221;][\/vc_column_inner][\/vc_row_inner][dfd_spacer screen_wide_spacer_size=&#8221;30&#8243; screen_normal_resolution=&#8221;1024&#8243; screen_tablet_resolution=&#8221;800&#8243; screen_mobile_resolution=&#8221;480&#8243;][\/vc_column][\/vc_row][vc_row][vc_column][vc_column_text el_class=&#8221;test-button&#8221;]<a class=\"button-mobile\" href=\"tel:+33493497123\"><span class=\"fa fa-phone\" style=\"text-align: center;\">\u00a0<\/span> BOOK NOW<\/a>[\/vc_column_text][\/vc_column][\/vc_row]<\/p>\n<\/div>","protected":false},"excerpt":{"rendered":"<p>[vc_row][vc_column col_shadow=&#8221;box_shadow_enable:disable|shadow_horizontal:0|shadow_vertical:15|shadow_blur:50|shadow_spread:0|box_shadow_color:rgba(0%2C0%2C0%2C0.35)&#8221; col_shadow_hover=&#8221;box_shadow_enable:disable|shadow_horizontal:0|shadow_vertical:15|shadow_blur:50|shadow_spread:0|box_shadow_color:rgba(0%2C0%2C0%2C0.35)&#8221;][vc_column_text el_class=&#8221;test-button&#8221;]\u00a0[\/vc_column_text][\/vc_column][\/vc_row][vc_row][vc_column dfd_column_responsive_enable=&#8221;dfd-column-responsive-enable&#8221; col_shadow=&#8221;box_shadow_enable:disable|shadow_horizontal:0|shadow_vertical:15|shadow_blur:50|shadow_spread:0|box_shadow_color:rgba(0%2C0%2C0%2C0.35)&#8221; col_shadow_hover=&#8221;box_shadow_enable:disable|shadow_horizontal:0|shadow_vertical:15|shadow_blur:50|shadow_spread:0|box_shadow_color:rgba(0%2C0%2C0%2C0.35)&#8221; responsive_styles=&#8221;padding_left_desktop:20|padding_right_desktop:20|padding_left_tablet:20|padding_right_tablet:-10|padding_left_mobile:20|padding_right_mobile:20&#8243;][dfd_spacer screen_wide_spacer_size=&#8221;75&#8243; screen_normal_resolution=&#8221;1280&#8243; screen_tablet_resolution=&#8221;1024&#8243; screen_mobile_resolution=&#8221;800&#8243; screen_mobile_spacer_size=&#8221;30&#8243; screen_tablet_spacer_size=&#8221;30&#8243;][\/vc_column][\/vc_row][vc_row][vc_column width=&#8221;1\/2&#8243; css=&#8221;.vc_custom_1530521100662{background-position: center !important;background-repeat: no-repeat !important;background-size: contain !important;}&#8221; col_shadow=&#8221;box_shadow_enable:disable|shadow_horizontal:0|shadow_vertical:15|shadow_blur:50|shadow_spread:0|box_shadow_color:rgba(0%2C0%2C0%2C0.35)&#8221; col_shadow_hover=&#8221;box_shadow_enable:disable|shadow_horizontal:0|shadow_vertical:15|shadow_blur:50|shadow_spread:0|box_shadow_color:rgba(0%2C0%2C0%2C0.35)&#8221; offset=&#8221;vc_hidden-xs&#8221;][dfd_spacer screen_wide_spacer_size=&#8221;40&#8243; screen_normal_resolution=&#8221;1024&#8243; screen_tablet_resolution=&#8221;800&#8243; screen_mobile_resolution=&#8221;480&#8243;][dfd_single_image module_animation=&#8221;transition.fadeIn&#8221;<\/p>\n","protected":false},"author":3,"featured_media":0,"parent":0,"menu_order":0,"comment_status":"closed","ping_status":"closed","template":"tmp-page.php","meta":{"footnotes":""},"class_list":["post-1601","page","type-page","status-publish","hentry"],"yoast_head":"<!-- This site is optimized with the Yoast SEO plugin v26.3 - https:\/\/yoast.com\/wordpress\/plugins\/seo\/ -->\n<title>Bessem Restaurant - The Chef of the Bessem Restaurant<\/title>\n<meta name=\"description\" content=\"Rich in his many experiences, Bessem decided to return to France and opened his own eponymous establishment in 2017.\" \/>\n<meta name=\"robots\" content=\"index, follow, max-snippet:-1, max-image-preview:large, max-video-preview:-1\" \/>\n<link rel=\"canonical\" href=\"https:\/\/www.bessem-restaurant.com\/en\/bessem-spirit\/\" \/>\n<meta property=\"og:locale\" content=\"en_US\" \/>\n<meta property=\"og:type\" content=\"article\" \/>\n<meta property=\"og:title\" content=\"Maxime Simonot - Chef P\u00e2tissier du Bessem Restaurant\" \/>\n<meta property=\"og:description\" content=\"Maxime Simonot pratique une p\u00e2tisserie d\u2019instinct, avec une grande sensibilit\u00e9 dans les go\u00fbts et une passion pour l\u2019\u00e9ph\u00e9m\u00e8re\u2026\" \/>\n<meta property=\"og:url\" content=\"https:\/\/www.bessem-restaurant.com\/en\/bessem-spirit\/\" \/>\n<meta property=\"og:site_name\" content=\"Bessem Restaurant\" \/>\n<meta property=\"article:publisher\" content=\"https:\/\/www.facebook.com\/bessemrestaurant\/\" \/>\n<meta property=\"article:modified_time\" content=\"2026-03-10T13:42:47+00:00\" \/>\n<meta property=\"og:image\" content=\"https:\/\/www.bessem-restaurant.com\/wp-content\/uploads\/2019\/02\/Bessem-Fb-190204-002.jpg\" \/>\n\t<meta property=\"og:image:width\" content=\"1200\" \/>\n\t<meta property=\"og:image:height\" content=\"600\" \/>\n\t<meta property=\"og:image:type\" content=\"image\/jpeg\" \/>\n<meta name=\"twitter:card\" content=\"summary_large_image\" \/>\n<meta name=\"twitter:label1\" content=\"Est. reading time\" \/>\n\t<meta name=\"twitter:data1\" content=\"7 minutes\" \/>\n<script type=\"application\/ld+json\" class=\"yoast-schema-graph\">{\"@context\":\"https:\/\/schema.org\",\"@graph\":[{\"@type\":\"WebPage\",\"@id\":\"https:\/\/www.bessem-restaurant.com\/en\/bessem-spirit\/\",\"url\":\"https:\/\/www.bessem-restaurant.com\/en\/bessem-spirit\/\",\"name\":\"Bessem Restaurant - The Chef of the Bessem Restaurant\",\"isPartOf\":{\"@id\":\"https:\/\/www.bessem-restaurant.com\/en\/#website\"},\"datePublished\":\"2018-06-28T14:17:34+00:00\",\"dateModified\":\"2026-03-10T13:42:47+00:00\",\"description\":\"Rich in his many experiences, Bessem decided to return to France and opened his own eponymous establishment in 2017.\",\"breadcrumb\":{\"@id\":\"https:\/\/www.bessem-restaurant.com\/en\/bessem-spirit\/#breadcrumb\"},\"inLanguage\":\"en-US\",\"potentialAction\":[{\"@type\":\"ReadAction\",\"target\":[\"https:\/\/www.bessem-restaurant.com\/en\/bessem-spirit\/\"]}]},{\"@type\":\"BreadcrumbList\",\"@id\":\"https:\/\/www.bessem-restaurant.com\/en\/bessem-spirit\/#breadcrumb\",\"itemListElement\":[{\"@type\":\"ListItem\",\"position\":1,\"name\":\"Accueil\",\"item\":\"https:\/\/www.bessem-restaurant.com\/en\/\"},{\"@type\":\"ListItem\",\"position\":2,\"name\":\"The Bessem Spirit\"}]},{\"@type\":\"WebSite\",\"@id\":\"https:\/\/www.bessem-restaurant.com\/en\/#website\",\"url\":\"https:\/\/www.bessem-restaurant.com\/en\/\",\"name\":\"Bessem Restaurant\",\"description\":\"Gastronomie tout en panache, cr\u00e9ative et savoureuse.\",\"publisher\":{\"@id\":\"https:\/\/www.bessem-restaurant.com\/en\/#organization\"},\"potentialAction\":[{\"@type\":\"SearchAction\",\"target\":{\"@type\":\"EntryPoint\",\"urlTemplate\":\"https:\/\/www.bessem-restaurant.com\/en\/?s={search_term_string}\"},\"query-input\":{\"@type\":\"PropertyValueSpecification\",\"valueRequired\":true,\"valueName\":\"search_term_string\"}}],\"inLanguage\":\"en-US\"},{\"@type\":\"Organization\",\"@id\":\"https:\/\/www.bessem-restaurant.com\/en\/#organization\",\"name\":\"BESSEM RESTAURANT\",\"url\":\"https:\/\/www.bessem-restaurant.com\/en\/\",\"logo\":{\"@type\":\"ImageObject\",\"inLanguage\":\"en-US\",\"@id\":\"https:\/\/www.bessem-restaurant.com\/en\/#\/schema\/logo\/image\/\",\"url\":\"https:\/\/www.bessem-restaurant.com\/wp-content\/uploads\/2018\/07\/Bessem-Logo-footer.png\",\"contentUrl\":\"https:\/\/www.bessem-restaurant.com\/wp-content\/uploads\/2018\/07\/Bessem-Logo-footer.png\",\"width\":130,\"height\":110,\"caption\":\"BESSEM RESTAURANT\"},\"image\":{\"@id\":\"https:\/\/www.bessem-restaurant.com\/en\/#\/schema\/logo\/image\/\"},\"sameAs\":[\"https:\/\/www.facebook.com\/bessemrestaurant\/\",\"https:\/\/www.instagram.com\/bessemrestaurant\/\"]}]}<\/script>\n<!-- \/ Yoast SEO plugin. -->","yoast_head_json":{"title":"Bessem Restaurant - The Chef of the Bessem Restaurant","description":"Rich in his many experiences, Bessem decided to return to France and opened his own eponymous establishment in 2017.","robots":{"index":"index","follow":"follow","max-snippet":"max-snippet:-1","max-image-preview":"max-image-preview:large","max-video-preview":"max-video-preview:-1"},"canonical":"https:\/\/www.bessem-restaurant.com\/en\/bessem-spirit\/","og_locale":"en_US","og_type":"article","og_title":"Maxime Simonot - Chef P\u00e2tissier du Bessem Restaurant","og_description":"Maxime Simonot pratique une p\u00e2tisserie d\u2019instinct, avec une grande sensibilit\u00e9 dans les go\u00fbts et une passion pour l\u2019\u00e9ph\u00e9m\u00e8re\u2026","og_url":"https:\/\/www.bessem-restaurant.com\/en\/bessem-spirit\/","og_site_name":"Bessem Restaurant","article_publisher":"https:\/\/www.facebook.com\/bessemrestaurant\/","article_modified_time":"2026-03-10T13:42:47+00:00","og_image":[{"width":1200,"height":600,"url":"https:\/\/www.bessem-restaurant.com\/wp-content\/uploads\/2019\/02\/Bessem-Fb-190204-002.jpg","type":"image\/jpeg"}],"twitter_card":"summary_large_image","twitter_misc":{"Est. reading time":"7 minutes"},"schema":{"@context":"https:\/\/schema.org","@graph":[{"@type":"WebPage","@id":"https:\/\/www.bessem-restaurant.com\/en\/bessem-spirit\/","url":"https:\/\/www.bessem-restaurant.com\/en\/bessem-spirit\/","name":"Bessem Restaurant - The Chef of the Bessem Restaurant","isPartOf":{"@id":"https:\/\/www.bessem-restaurant.com\/en\/#website"},"datePublished":"2018-06-28T14:17:34+00:00","dateModified":"2026-03-10T13:42:47+00:00","description":"Rich in his many experiences, Bessem decided to return to France and opened his own eponymous establishment in 2017.","breadcrumb":{"@id":"https:\/\/www.bessem-restaurant.com\/en\/bessem-spirit\/#breadcrumb"},"inLanguage":"en-US","potentialAction":[{"@type":"ReadAction","target":["https:\/\/www.bessem-restaurant.com\/en\/bessem-spirit\/"]}]},{"@type":"BreadcrumbList","@id":"https:\/\/www.bessem-restaurant.com\/en\/bessem-spirit\/#breadcrumb","itemListElement":[{"@type":"ListItem","position":1,"name":"Accueil","item":"https:\/\/www.bessem-restaurant.com\/en\/"},{"@type":"ListItem","position":2,"name":"The Bessem Spirit"}]},{"@type":"WebSite","@id":"https:\/\/www.bessem-restaurant.com\/en\/#website","url":"https:\/\/www.bessem-restaurant.com\/en\/","name":"Bessem Restaurant","description":"Gastronomie tout en panache, cr\u00e9ative et savoureuse.","publisher":{"@id":"https:\/\/www.bessem-restaurant.com\/en\/#organization"},"potentialAction":[{"@type":"SearchAction","target":{"@type":"EntryPoint","urlTemplate":"https:\/\/www.bessem-restaurant.com\/en\/?s={search_term_string}"},"query-input":{"@type":"PropertyValueSpecification","valueRequired":true,"valueName":"search_term_string"}}],"inLanguage":"en-US"},{"@type":"Organization","@id":"https:\/\/www.bessem-restaurant.com\/en\/#organization","name":"BESSEM RESTAURANT","url":"https:\/\/www.bessem-restaurant.com\/en\/","logo":{"@type":"ImageObject","inLanguage":"en-US","@id":"https:\/\/www.bessem-restaurant.com\/en\/#\/schema\/logo\/image\/","url":"https:\/\/www.bessem-restaurant.com\/wp-content\/uploads\/2018\/07\/Bessem-Logo-footer.png","contentUrl":"https:\/\/www.bessem-restaurant.com\/wp-content\/uploads\/2018\/07\/Bessem-Logo-footer.png","width":130,"height":110,"caption":"BESSEM RESTAURANT"},"image":{"@id":"https:\/\/www.bessem-restaurant.com\/en\/#\/schema\/logo\/image\/"},"sameAs":["https:\/\/www.facebook.com\/bessemrestaurant\/","https:\/\/www.instagram.com\/bessemrestaurant\/"]}]}},"_links":{"self":[{"href":"https:\/\/www.bessem-restaurant.com\/en\/wp-json\/wp\/v2\/pages\/1601","targetHints":{"allow":["GET"]}}],"collection":[{"href":"https:\/\/www.bessem-restaurant.com\/en\/wp-json\/wp\/v2\/pages"}],"about":[{"href":"https:\/\/www.bessem-restaurant.com\/en\/wp-json\/wp\/v2\/types\/page"}],"author":[{"embeddable":true,"href":"https:\/\/www.bessem-restaurant.com\/en\/wp-json\/wp\/v2\/users\/3"}],"replies":[{"embeddable":true,"href":"https:\/\/www.bessem-restaurant.com\/en\/wp-json\/wp\/v2\/comments?post=1601"}],"version-history":[{"count":5,"href":"https:\/\/www.bessem-restaurant.com\/en\/wp-json\/wp\/v2\/pages\/1601\/revisions"}],"predecessor-version":[{"id":6569,"href":"https:\/\/www.bessem-restaurant.com\/en\/wp-json\/wp\/v2\/pages\/1601\/revisions\/6569"}],"wp:attachment":[{"href":"https:\/\/www.bessem-restaurant.com\/en\/wp-json\/wp\/v2\/media?parent=1601"}],"curies":[{"name":"wp","href":"https:\/\/api.w.org\/{rel}","templated":true}]}}